{"version":"1.0","provider_name":"PULSE","provider_url":"https:\/\/pulse-beziers.fr","author_name":"admin2231","author_url":"https:\/\/pulse-beziers.fr\/index.php\/author\/admin2231\/","title":"Agenda des portes ouvertes \u00e9coles et formation - PULSE","type":"rich","width":600,"height":338,"html":"<blockquote class=\"wp-embedded-content\" data-secret=\"staqaTueQr\"><a href=\"https:\/\/pulse-beziers.fr\/index.php\/2024\/02\/05\/agenda-des-portes-ouvertes-ecoles-et-formation\/\">Agenda des portes ouvertes \u00e9coles et formation<\/a><\/blockquote><iframe sandbox=\"allow-scripts\" security=\"restricted\" src=\"https:\/\/pulse-beziers.fr\/index.php\/2024\/02\/05\/agenda-des-portes-ouvertes-ecoles-et-formation\/embed\/#?secret=staqaTueQr\" width=\"600\" height=\"338\" title=\"\u00ab\u00a0Agenda des portes ouvertes \u00e9coles et formation\u00a0\u00bb &#8212; PULSE\" data-secret=\"staqaTueQr\" frameborder=\"0\" marginwidth=\"0\" marginheight=\"0\" scrolling=\"no\" class=\"wp-embedded-content\"><\/iframe><script type=\"text\/javascript\">\n\/* <![CDATA[ *\/\n\/*! This file is auto-generated *\/\n!function(d,l){\"use strict\";l.querySelector&&d.addEventListener&&\"undefined\"!=typeof URL&&(d.wp=d.wp||{},d.wp.receiveEmbedMessage||(d.wp.receiveEmbedMessage=function(e){var t=e.data;if((t||t.secret||t.message||t.value)&&!\/[^a-zA-Z0-9]\/.test(t.secret)){for(var s,r,n,a=l.querySelectorAll('iframe[data-secret=\"'+t.secret+'\"]'),o=l.querySelectorAll('blockquote[data-secret=\"'+t.secret+'\"]'),c=new RegExp(\"^https?:$\",\"i\"),i=0;i<o.length;i++)o[i].style.display=\"none\";for(i=0;i<a.length;i++)s=a[i],e.source===s.contentWindow&&(s.removeAttribute(\"style\"),\"height\"===t.message?(1e3<(r=parseInt(t.value,10))?r=1e3:~~r<200&&(r=200),s.height=r):\"link\"===t.message&&(r=new URL(s.getAttribute(\"src\")),n=new URL(t.value),c.test(n.protocol))&&n.host===r.host&&l.activeElement===s&&(d.top.location.href=t.value))}},d.addEventListener(\"message\",d.wp.receiveEmbedMessage,!1),l.addEventListener(\"DOMContentLoaded\",function(){for(var e,t,s=l.querySelectorAll(\"iframe.wp-embedded-content\"),r=0;r<s.length;r++)(t=(e=s[r]).getAttribute(\"data-secret\"))||(t=Math.random().toString(36).substring(2,12),e.src+=\"#?secret=\"+t,e.setAttribute(\"data-secret\",t)),e.contentWindow.postMessage({message:\"ready\",secret:t},\"*\")},!1)))}(window,document);\n\/* ]]> *\/\n<\/script>\n","thumbnail_url":"https:\/\/pulse-beziers.fr\/wp-content\/uploads\/2024\/02\/JPO-formations.jpg","thumbnail_width":1500,"thumbnail_height":1030,"description":"Plusieurs \u00e9tablissements scolaires et de formation ouvrent actuellement leurs portes aux \u00e9tudiants et leurs parents. Ces journ\u00e9es sont autant d\u2019occasion de d\u00e9couvrir, lors d\u2019un moment d\u2019\u00e9changes et d\u2019immersion, diff\u00e9rents univers m\u00e9tiers. Des \u00e9v\u00e9nements \u00e0 ne pas manquer&nbsp;! JPO Purple Campus sp\u00e9cial Post Bac Mercredi 31 janvier 2024 \u2013 14h\/17h \u2013 308 rue de Chiclana \u00e0 [&hellip;]"}